{"id":17412,"date":"2024-06-08T23:46:37","date_gmt":"2024-06-08T20:46:37","guid":{"rendered":"https:\/\/balticpresspublishers.eu\/uudised\/"},"modified":"2024-06-20T15:09:12","modified_gmt":"2024-06-20T12:09:12","slug":"uudised","status":"publish","type":"page","link":"https:\/\/balticpresspublishers.eu\/et\/uudised\/","title":{"rendered":"Uudised"},"content":{"rendered":"<div class=\"wpb-content-wrapper\"><p>[vc_row padding_top_multiplier=&#8221;&#8221;][vc_column]\t\t<div class=\"grve-element grve-blog grve-blog-columns grve-blog-grid grve-isotope grve-with-gap\" style=\"\" data-columns=\"2\" data-columns-large-screen=\"2\" data-columns-tablet-landscape=\"2\" data-columns-tablet-portrait=\"2\" data-columns-mobile=\"1\" data-layout=\"fitRows\" data-spinner=\"no\" data-gutter-size=\"40\">\r\n\t\t\t<div class=\"grve-isotope-container\">\r\n\t\t\t<article class=\"grve-blog-item grve-isotope-item post-17843 post type-post status-publish format-standard hentry category-uncategorized-et\" itemscope itemType=\"http:\/\/schema.org\/BlogPosting\">\r\n\t\t\t\t<div class=\"grve-blog-item-inner grve-isotope-item-inner\">\r\n\t\t\t\t\t\t\t\t\t\t\t\t\t\t\t\t\t<div class=\"grve-post-content-wrapper\">\r\n\t\t\t\t\t\t\t<div class=\"grve-post-content\">\r\n\t\t\t\t\t\t\t\t<div class=\"grve-post-header\">\r\n\t\t\t\t\t\t\t\t\t\t\t\t\t\t\t\t\t\t\t\t<span class=\"grve-hidden\">\r\n\t\t\t<span class=\"grve-structured-data entry-title\">BPCMO s\u00f5lmis Microsoftiga esialgse litsentsilepingu<\/span>\r\n\t\t\t<span class=\"grve-structured-data\" itemprop=\"image\" itemscope itemtype=\"http:\/\/schema.org\/ImageObject\">\r\n\t\t\t   <span itemprop='url' >https:\/\/balticpresspublishers.eu\/wp-content\/themes\/movedo\/images\/empty\/thumbnail.jpg<\/span>\r\n\t\t\t   <span itemprop='height' >150<\/span>\r\n\t\t\t   <span itemprop='width' >150<\/span>\r\n\t\t\t<\/span>\r\n\t\t\t\t\t\t<span class=\"grve-structured-data vcard author\" itemprop=\"author\" itemscope itemtype=\"http:\/\/schema.org\/Person\">\r\n\t\t\t\t<span itemprop=\"name\" class=\"fn\">BPCMO<\/span>\r\n\t\t\t<\/span>\r\n\t\t\t<span class=\"grve-structured-data\" itemprop=\"publisher\" itemscope itemtype=\"http:\/\/schema.org\/Organization\">\r\n\t\t\t\t<span itemprop='name'>BPCMO<\/span>\r\n\t\t\t\t<span itemprop='logo' itemscope itemtype='http:\/\/schema.org\/ImageObject'>\r\n\t\t\t\t\t<span itemprop='url'>\/\/balticpresspublishers.eu\/wp-content\/uploads\/2024\/06\/BPCMO_Logo_ENG_Black.png<\/span>\r\n\t\t\t\t<\/span>\r\n\t\t\t<\/span>\r\n\t\t\t\t\t\t<time class=\"grve-structured-data date published\" itemprop=\"datePublished\" datetime=\"2026-01-13T11:20:23+02:00\">13\/01\/2026<\/time>\r\n\t\t\t<time class=\"grve-structured-data date updated\" itemprop=\"dateModified\"  datetime=\"2026-01-13T11:20:23+02:00\">13\/01\/2026<\/time>\r\n\t\t\t<span class=\"grve-structured-data\" itemprop=\"mainEntityOfPage\" itemscope itemtype=\"http:\/\/schema.org\/WebPage\" itemid=\"https:\/\/balticpresspublishers.eu\/et\/uncategorized-et\/bpcmo-solmis-microsoftiga-esialgse-litsentsilepingu\/\"><\/span>\r\n\t\t<\/span>\r\n\t\t\t\t\t\t\t\t\t\t\t\t\t\t\t\t\t\t\t\t<ul class=\"grve-post-meta\">\r\n\t\t\t\t\t\t\t\t\t\t<li class=\"grve-post-date\">\t<time class=\"\" datetime=\"2026-01-13T11:20:23+02:00\">\r\n\t\t13\/01\/2026\t<\/time>\r\n<\/li>\t\t\t\t\t\t\t\t\t\t<\/ul>\r\n\t\t\t\t\t\t\t\t\t\t\t\t\t\t\t\t\t\t\t\t\t\t\t\t\t\t\t<a href=\"https:\/\/balticpresspublishers.eu\/et\/uncategorized-et\/bpcmo-solmis-microsoftiga-esialgse-litsentsilepingu\/\" rel=\"bookmark\"><h2 class=\"grve-post-title grve-post-title-hover grve-h3\" itemprop=\"headline\">BPCMO s\u00f5lmis Microsoftiga esialgse litsentsilepingu<\/h2><\/a>\t\t\t\t\t\t\t\t<\/div>\r\n\t\t\t\t\t\t\t\t<div itemprop=\"articleBody\"><p>[vc_row][vc_column][vc_column_text css=&#8221;&#8221;]Tallinn, 13. jaanuar 2026 Balti Uudismeedia V\u00e4ljaandjate \u00dching (BPCMO) s\u00f5lmis Microsoftiga esialgse (interim) litsentsilepingu. Leping h\u00f5lmab uudismeedia v\u00e4ljaannete kasutamist otsingumootoris Bing. Microsoft on esimene suur tehnoloogiaettev\u00f5te, kes austab Eesti&hellip;<\/p><a class=\"grve-read-more grve-link-text grve-heading-color grve-text-hover-primary-1\" href=\"https:\/\/balticpresspublishers.eu\/et\/uncategorized-et\/bpcmo-solmis-microsoftiga-esialgse-litsentsilepingu\/\"><span>loe edasi<\/span><\/a><\/div>\t\t\t\t\t\t\t<\/div>\r\n\t\t\t\t\t\t<\/div>\r\n\t\t\t\t\t\r\n\t\t\t\t<\/div>\t\t\t<\/article>\r\n\r\n\t\t\t<article class=\"grve-blog-item grve-isotope-item post-17808 post type-post status-publish format-standard hentry category-bpcmo-et\" itemscope itemType=\"http:\/\/schema.org\/BlogPosting\">\r\n\t\t\t\t<div class=\"grve-blog-item-inner grve-isotope-item-inner\">\r\n\t\t\t\t\t\t\t\t\t\t\t\t\t\t\t\t\t<div class=\"grve-post-content-wrapper\">\r\n\t\t\t\t\t\t\t<div class=\"grve-post-content\">\r\n\t\t\t\t\t\t\t\t<div class=\"grve-post-header\">\r\n\t\t\t\t\t\t\t\t\t\t\t\t\t\t\t\t\t\t\t\t<span class=\"grve-hidden\">\r\n\t\t\t<span class=\"grve-structured-data entry-title\">BPCMO s\u00f5lmis esinduslepingu L\u00e4ti uudismeedia v\u00e4ljaandjaga SIA \u017dURN\u0100LS SANTA<\/span>\r\n\t\t\t<span class=\"grve-structured-data\" itemprop=\"image\" itemscope itemtype=\"http:\/\/schema.org\/ImageObject\">\r\n\t\t\t   <span itemprop='url' >https:\/\/balticpresspublishers.eu\/wp-content\/themes\/movedo\/images\/empty\/thumbnail.jpg<\/span>\r\n\t\t\t   <span itemprop='height' >150<\/span>\r\n\t\t\t   <span itemprop='width' >150<\/span>\r\n\t\t\t<\/span>\r\n\t\t\t\t\t\t<span class=\"grve-structured-data vcard author\" itemprop=\"author\" itemscope itemtype=\"http:\/\/schema.org\/Person\">\r\n\t\t\t\t<span itemprop=\"name\" class=\"fn\">BPCMO<\/span>\r\n\t\t\t<\/span>\r\n\t\t\t<span class=\"grve-structured-data\" itemprop=\"publisher\" itemscope itemtype=\"http:\/\/schema.org\/Organization\">\r\n\t\t\t\t<span itemprop='name'>BPCMO<\/span>\r\n\t\t\t\t<span itemprop='logo' itemscope itemtype='http:\/\/schema.org\/ImageObject'>\r\n\t\t\t\t\t<span itemprop='url'>\/\/balticpresspublishers.eu\/wp-content\/uploads\/2024\/06\/BPCMO_Logo_ENG_Black.png<\/span>\r\n\t\t\t\t<\/span>\r\n\t\t\t<\/span>\r\n\t\t\t\t\t\t<time class=\"grve-structured-data date published\" itemprop=\"datePublished\" datetime=\"2025-09-15T09:02:49+03:00\">15\/09\/2025<\/time>\r\n\t\t\t<time class=\"grve-structured-data date updated\" itemprop=\"dateModified\"  datetime=\"2026-01-13T10:58:27+02:00\">13\/01\/2026<\/time>\r\n\t\t\t<span class=\"grve-structured-data\" itemprop=\"mainEntityOfPage\" itemscope itemtype=\"http:\/\/schema.org\/WebPage\" itemid=\"https:\/\/balticpresspublishers.eu\/et\/bpcmo-et\/bpcmo-solmis-esinduslepingu-lati-uudismeedia-valjaandjaga-sia-zurnals-santa\/\"><\/span>\r\n\t\t<\/span>\r\n\t\t\t\t\t\t\t\t\t\t\t\t\t\t\t\t\t\t\t\t<ul class=\"grve-post-meta\">\r\n\t\t\t\t\t\t\t\t\t\t<li class=\"grve-post-date\">\t<time class=\"\" datetime=\"2025-09-15T09:02:49+03:00\">\r\n\t\t15\/09\/2025\t<\/time>\r\n<\/li>\t\t\t\t\t\t\t\t\t\t<\/ul>\r\n\t\t\t\t\t\t\t\t\t\t\t\t\t\t\t\t\t\t\t\t\t\t\t\t\t\t\t<a href=\"https:\/\/balticpresspublishers.eu\/et\/bpcmo-et\/bpcmo-solmis-esinduslepingu-lati-uudismeedia-valjaandjaga-sia-zurnals-santa\/\" rel=\"bookmark\"><h2 class=\"grve-post-title grve-post-title-hover grve-h3\" itemprop=\"headline\">BPCMO s\u00f5lmis esinduslepingu L\u00e4ti uudismeedia v\u00e4ljaandjaga SIA \u017dURN\u0100LS SANTA<\/h2><\/a>\t\t\t\t\t\t\t\t<\/div>\r\n\t\t\t\t\t\t\t\t<div itemprop=\"articleBody\"><p>[vc_row padding_top_multiplier=&#8221;&#8221;][vc_column][vc_column_text css=&#8221;&#8221;]Tallinn, 15 September 2025. Balti Uudismeedia V\u00e4ljaandjate \u00dching (BPCMO) s\u00f5lmis esinduslepingu L\u00e4ti suurima ajakirjade v\u00e4ljaandjaga, kelleks on SIA \u017dURN\u0100LS SANTA. 1991. aastal asutatud \u017durn\u0101ls Santa on L\u00e4ti juhtiv&hellip;<\/p><a class=\"grve-read-more grve-link-text grve-heading-color grve-text-hover-primary-1\" href=\"https:\/\/balticpresspublishers.eu\/et\/bpcmo-et\/bpcmo-solmis-esinduslepingu-lati-uudismeedia-valjaandjaga-sia-zurnals-santa\/\"><span>loe edasi<\/span><\/a><\/div>\t\t\t\t\t\t\t<\/div>\r\n\t\t\t\t\t\t<\/div>\r\n\t\t\t\t\t\r\n\t\t\t\t<\/div>\t\t\t<\/article>\r\n\r\n\t\t\t<article class=\"grve-blog-item grve-isotope-item post-17781 post type-post status-publish format-standard hentry category-bpcmo-et\" itemscope itemType=\"http:\/\/schema.org\/BlogPosting\">\r\n\t\t\t\t<div class=\"grve-blog-item-inner grve-isotope-item-inner\">\r\n\t\t\t\t\t\t\t\t\t\t\t\t\t\t\t\t\t<div class=\"grve-post-content-wrapper\">\r\n\t\t\t\t\t\t\t<div class=\"grve-post-content\">\r\n\t\t\t\t\t\t\t\t<div class=\"grve-post-header\">\r\n\t\t\t\t\t\t\t\t\t\t\t\t\t\t\t\t\t\t\t\t<span class=\"grve-hidden\">\r\n\t\t\t<span class=\"grve-structured-data entry-title\">BPCMO s\u00f5lmis esinduslepingu L\u00e4ti uudismeedia v\u00e4ljaandjaga<\/span>\r\n\t\t\t<span class=\"grve-structured-data\" itemprop=\"image\" itemscope itemtype=\"http:\/\/schema.org\/ImageObject\">\r\n\t\t\t   <span itemprop='url' >https:\/\/balticpresspublishers.eu\/wp-content\/themes\/movedo\/images\/empty\/thumbnail.jpg<\/span>\r\n\t\t\t   <span itemprop='height' >150<\/span>\r\n\t\t\t   <span itemprop='width' >150<\/span>\r\n\t\t\t<\/span>\r\n\t\t\t\t\t\t<span class=\"grve-structured-data vcard author\" itemprop=\"author\" itemscope itemtype=\"http:\/\/schema.org\/Person\">\r\n\t\t\t\t<span itemprop=\"name\" class=\"fn\">BPCMO<\/span>\r\n\t\t\t<\/span>\r\n\t\t\t<span class=\"grve-structured-data\" itemprop=\"publisher\" itemscope itemtype=\"http:\/\/schema.org\/Organization\">\r\n\t\t\t\t<span itemprop='name'>BPCMO<\/span>\r\n\t\t\t\t<span itemprop='logo' itemscope itemtype='http:\/\/schema.org\/ImageObject'>\r\n\t\t\t\t\t<span itemprop='url'>\/\/balticpresspublishers.eu\/wp-content\/uploads\/2024\/06\/BPCMO_Logo_ENG_Black.png<\/span>\r\n\t\t\t\t<\/span>\r\n\t\t\t<\/span>\r\n\t\t\t\t\t\t<time class=\"grve-structured-data date published\" itemprop=\"datePublished\" datetime=\"2025-06-02T11:13:47+03:00\">02\/06\/2025<\/time>\r\n\t\t\t<time class=\"grve-structured-data date updated\" itemprop=\"dateModified\"  datetime=\"2025-10-10T09:38:24+03:00\">10\/10\/2025<\/time>\r\n\t\t\t<span class=\"grve-structured-data\" itemprop=\"mainEntityOfPage\" itemscope itemtype=\"http:\/\/schema.org\/WebPage\" itemid=\"https:\/\/balticpresspublishers.eu\/et\/bpcmo-et\/bpcmo-solmis-esinduslepingu-lati-uudismeedia-valjaandjaga\/\"><\/span>\r\n\t\t<\/span>\r\n\t\t\t\t\t\t\t\t\t\t\t\t\t\t\t\t\t\t\t\t<ul class=\"grve-post-meta\">\r\n\t\t\t\t\t\t\t\t\t\t<li class=\"grve-post-date\">\t<time class=\"\" datetime=\"2025-06-02T11:13:47+03:00\">\r\n\t\t02\/06\/2025\t<\/time>\r\n<\/li>\t\t\t\t\t\t\t\t\t\t<\/ul>\r\n\t\t\t\t\t\t\t\t\t\t\t\t\t\t\t\t\t\t\t\t\t\t\t\t\t\t\t<a href=\"https:\/\/balticpresspublishers.eu\/et\/bpcmo-et\/bpcmo-solmis-esinduslepingu-lati-uudismeedia-valjaandjaga\/\" rel=\"bookmark\"><h2 class=\"grve-post-title grve-post-title-hover grve-h3\" itemprop=\"headline\">BPCMO s\u00f5lmis esinduslepingu L\u00e4ti uudismeedia v\u00e4ljaandjaga<\/h2><\/a>\t\t\t\t\t\t\t\t<\/div>\r\n\t\t\t\t\t\t\t\t<div itemprop=\"articleBody\"><p>[vc_row padding_top_multiplier=&#8221;&#8221;][vc_column][vc_column_text css=&#8221;&#8221;]Tallinn, 2. juuni 2025. Balti Uudismeedia V\u00e4ljaandjate \u00dching (BPCMO) s\u00f5lmis esimese esinduslepingu L\u00e4ti uudismeedia v\u00e4ljaandjaga, kelleks on LETA SIA. LETA on L\u00e4ti riiklik uudisteagentuur, mis on teinud ainulaadseid&hellip;<\/p><a class=\"grve-read-more grve-link-text grve-heading-color grve-text-hover-primary-1\" href=\"https:\/\/balticpresspublishers.eu\/et\/bpcmo-et\/bpcmo-solmis-esinduslepingu-lati-uudismeedia-valjaandjaga\/\"><span>loe edasi<\/span><\/a><\/div>\t\t\t\t\t\t\t<\/div>\r\n\t\t\t\t\t\t<\/div>\r\n\t\t\t\t\t\r\n\t\t\t\t<\/div>\t\t\t<\/article>\r\n\r\n\t\t\t<article class=\"grve-blog-item grve-isotope-item post-17743 post type-post status-publish format-standard hentry category-bpcmo-et\" itemscope itemType=\"http:\/\/schema.org\/BlogPosting\">\r\n\t\t\t\t<div class=\"grve-blog-item-inner grve-isotope-item-inner\">\r\n\t\t\t\t\t\t\t\t\t\t\t\t\t\t\t\t\t<div class=\"grve-post-content-wrapper\">\r\n\t\t\t\t\t\t\t<div class=\"grve-post-content\">\r\n\t\t\t\t\t\t\t\t<div class=\"grve-post-header\">\r\n\t\t\t\t\t\t\t\t\t\t\t\t\t\t\t\t\t\t\t\t<span class=\"grve-hidden\">\r\n\t\t\t<span class=\"grve-structured-data entry-title\">Balti Uudismeedia V\u00e4ljaandjate \u00dchinguga liitus neli uut esindatavat<\/span>\r\n\t\t\t<span class=\"grve-structured-data\" itemprop=\"image\" itemscope itemtype=\"http:\/\/schema.org\/ImageObject\">\r\n\t\t\t   <span itemprop='url' >https:\/\/balticpresspublishers.eu\/wp-content\/themes\/movedo\/images\/empty\/thumbnail.jpg<\/span>\r\n\t\t\t   <span itemprop='height' >150<\/span>\r\n\t\t\t   <span itemprop='width' >150<\/span>\r\n\t\t\t<\/span>\r\n\t\t\t\t\t\t<span class=\"grve-structured-data vcard author\" itemprop=\"author\" itemscope itemtype=\"http:\/\/schema.org\/Person\">\r\n\t\t\t\t<span itemprop=\"name\" class=\"fn\">BPCMO<\/span>\r\n\t\t\t<\/span>\r\n\t\t\t<span class=\"grve-structured-data\" itemprop=\"publisher\" itemscope itemtype=\"http:\/\/schema.org\/Organization\">\r\n\t\t\t\t<span itemprop='name'>BPCMO<\/span>\r\n\t\t\t\t<span itemprop='logo' itemscope itemtype='http:\/\/schema.org\/ImageObject'>\r\n\t\t\t\t\t<span itemprop='url'>\/\/balticpresspublishers.eu\/wp-content\/uploads\/2024\/06\/BPCMO_Logo_ENG_Black.png<\/span>\r\n\t\t\t\t<\/span>\r\n\t\t\t<\/span>\r\n\t\t\t\t\t\t<time class=\"grve-structured-data date published\" itemprop=\"datePublished\" datetime=\"2024-11-27T11:30:45+02:00\">27\/11\/2024<\/time>\r\n\t\t\t<time class=\"grve-structured-data date updated\" itemprop=\"dateModified\"  datetime=\"2025-10-10T09:38:10+03:00\">10\/10\/2025<\/time>\r\n\t\t\t<span class=\"grve-structured-data\" itemprop=\"mainEntityOfPage\" itemscope itemtype=\"http:\/\/schema.org\/WebPage\" itemid=\"https:\/\/balticpresspublishers.eu\/et\/bpcmo-et\/balti-uudismeedia-valjaandjate-uhinguga-liitus-neli-uut-esindatavat\/\"><\/span>\r\n\t\t<\/span>\r\n\t\t\t\t\t\t\t\t\t\t\t\t\t\t\t\t\t\t\t\t<ul class=\"grve-post-meta\">\r\n\t\t\t\t\t\t\t\t\t\t<li class=\"grve-post-date\">\t<time class=\"\" datetime=\"2024-11-27T11:30:45+02:00\">\r\n\t\t27\/11\/2024\t<\/time>\r\n<\/li>\t\t\t\t\t\t\t\t\t\t<\/ul>\r\n\t\t\t\t\t\t\t\t\t\t\t\t\t\t\t\t\t\t\t\t\t\t\t\t\t\t\t<a href=\"https:\/\/balticpresspublishers.eu\/et\/bpcmo-et\/balti-uudismeedia-valjaandjate-uhinguga-liitus-neli-uut-esindatavat\/\" rel=\"bookmark\"><h2 class=\"grve-post-title grve-post-title-hover grve-h3\" itemprop=\"headline\">Balti Uudismeedia V\u00e4ljaandjate \u00dchinguga liitus neli uut esindatavat<\/h2><\/a>\t\t\t\t\t\t\t\t<\/div>\r\n\t\t\t\t\t\t\t\t<div itemprop=\"articleBody\"><p>[vc_row][vc_column][vc_column_text css=&#8221;&#8221;]Tallinn, 27. november 2024. Balti Uudismeedia V\u00e4ljaandjate \u00dchinguga (BPCMO) on liitunud lisaks asutajatele veel neli meediaorganisatsiooni, kes soovivad, et BPCMO neid l\u00e4bir\u00e4\u00e4kimistes meediasisu kasutajatega esindaks. T\u00e4naseks on esinduslepingu BPCMO-ga&hellip;<\/p><a class=\"grve-read-more grve-link-text grve-heading-color grve-text-hover-primary-1\" href=\"https:\/\/balticpresspublishers.eu\/et\/bpcmo-et\/balti-uudismeedia-valjaandjate-uhinguga-liitus-neli-uut-esindatavat\/\"><span>loe edasi<\/span><\/a><\/div>\t\t\t\t\t\t\t<\/div>\r\n\t\t\t\t\t\t<\/div>\r\n\t\t\t\t\t\r\n\t\t\t\t<\/div>\t\t\t<\/article>\r\n\r\n\t\t\t<article class=\"grve-blog-item grve-isotope-item post-17716 post type-post status-publish format-standard hentry category-bpcmo-et\" itemscope itemType=\"http:\/\/schema.org\/BlogPosting\">\r\n\t\t\t\t<div class=\"grve-blog-item-inner grve-isotope-item-inner\">\r\n\t\t\t\t\t\t\t\t\t\t\t\t\t\t\t\t\t<div class=\"grve-post-content-wrapper\">\r\n\t\t\t\t\t\t\t<div class=\"grve-post-content\">\r\n\t\t\t\t\t\t\t\t<div class=\"grve-post-header\">\r\n\t\t\t\t\t\t\t\t\t\t\t\t\t\t\t\t\t\t\t\t<span class=\"grve-hidden\">\r\n\t\t\t<span class=\"grve-structured-data entry-title\">Balti Uudismeedia V\u00e4ljaandjate \u00dching ootab uusi liitujaid<\/span>\r\n\t\t\t<span class=\"grve-structured-data\" itemprop=\"image\" itemscope itemtype=\"http:\/\/schema.org\/ImageObject\">\r\n\t\t\t   <span itemprop='url' >https:\/\/balticpresspublishers.eu\/wp-content\/themes\/movedo\/images\/empty\/thumbnail.jpg<\/span>\r\n\t\t\t   <span itemprop='height' >150<\/span>\r\n\t\t\t   <span itemprop='width' >150<\/span>\r\n\t\t\t<\/span>\r\n\t\t\t\t\t\t<span class=\"grve-structured-data vcard author\" itemprop=\"author\" itemscope itemtype=\"http:\/\/schema.org\/Person\">\r\n\t\t\t\t<span itemprop=\"name\" class=\"fn\">BPCMO<\/span>\r\n\t\t\t<\/span>\r\n\t\t\t<span class=\"grve-structured-data\" itemprop=\"publisher\" itemscope itemtype=\"http:\/\/schema.org\/Organization\">\r\n\t\t\t\t<span itemprop='name'>BPCMO<\/span>\r\n\t\t\t\t<span itemprop='logo' itemscope itemtype='http:\/\/schema.org\/ImageObject'>\r\n\t\t\t\t\t<span itemprop='url'>\/\/balticpresspublishers.eu\/wp-content\/uploads\/2024\/06\/BPCMO_Logo_ENG_Black.png<\/span>\r\n\t\t\t\t<\/span>\r\n\t\t\t<\/span>\r\n\t\t\t\t\t\t<time class=\"grve-structured-data date published\" itemprop=\"datePublished\" datetime=\"2024-10-01T11:37:55+03:00\">01\/10\/2024<\/time>\r\n\t\t\t<time class=\"grve-structured-data date updated\" itemprop=\"dateModified\"  datetime=\"2025-10-10T09:37:49+03:00\">10\/10\/2025<\/time>\r\n\t\t\t<span class=\"grve-structured-data\" itemprop=\"mainEntityOfPage\" itemscope itemtype=\"http:\/\/schema.org\/WebPage\" itemid=\"https:\/\/balticpresspublishers.eu\/et\/bpcmo-et\/balti-uudismeedia-valjaandjate-uhing-ootab-uusi-liitujaid\/\"><\/span>\r\n\t\t<\/span>\r\n\t\t\t\t\t\t\t\t\t\t\t\t\t\t\t\t\t\t\t\t<ul class=\"grve-post-meta\">\r\n\t\t\t\t\t\t\t\t\t\t<li class=\"grve-post-date\">\t<time class=\"\" datetime=\"2024-10-01T11:37:55+03:00\">\r\n\t\t01\/10\/2024\t<\/time>\r\n<\/li>\t\t\t\t\t\t\t\t\t\t<\/ul>\r\n\t\t\t\t\t\t\t\t\t\t\t\t\t\t\t\t\t\t\t\t\t\t\t\t\t\t\t<a href=\"https:\/\/balticpresspublishers.eu\/et\/bpcmo-et\/balti-uudismeedia-valjaandjate-uhing-ootab-uusi-liitujaid\/\" rel=\"bookmark\"><h2 class=\"grve-post-title grve-post-title-hover grve-h3\" itemprop=\"headline\">Balti Uudismeedia V\u00e4ljaandjate \u00dching ootab uusi liitujaid<\/h2><\/a>\t\t\t\t\t\t\t\t<\/div>\r\n\t\t\t\t\t\t\t\t<div itemprop=\"articleBody\"><p>[vc_row][vc_column][vc_column_text css=&#8221;&#8221;]Tallinn, 1. oktoober 2024. K\u00e4esoleva aasta juunis loodud Balti Uudismeedia V\u00e4ljaandjate \u00dching (BPCMO) kutsub v\u00e4ljaandeid liituma, et \u00fcheskoos pidada l\u00e4bir\u00e4\u00e4kimisi meediasisu kasutajatega nagu Google, Meta jt. BPCMO vahendusel saavad&hellip;<\/p><a class=\"grve-read-more grve-link-text grve-heading-color grve-text-hover-primary-1\" href=\"https:\/\/balticpresspublishers.eu\/et\/bpcmo-et\/balti-uudismeedia-valjaandjate-uhing-ootab-uusi-liitujaid\/\"><span>loe edasi<\/span><\/a><\/div>\t\t\t\t\t\t\t<\/div>\r\n\t\t\t\t\t\t<\/div>\r\n\t\t\t\t\t\r\n\t\t\t\t<\/div>\t\t\t<\/article>\r\n\r\n\t\t\t<article class=\"grve-blog-item grve-isotope-item post-17527 post type-post status-publish format-standard hentry category-bpcmo-et\" itemscope itemType=\"http:\/\/schema.org\/BlogPosting\">\r\n\t\t\t\t<div class=\"grve-blog-item-inner grve-isotope-item-inner\">\r\n\t\t\t\t\t\t\t\t\t\t\t\t\t\t\t\t\t<div class=\"grve-post-content-wrapper\">\r\n\t\t\t\t\t\t\t<div class=\"grve-post-content\">\r\n\t\t\t\t\t\t\t\t<div class=\"grve-post-header\">\r\n\t\t\t\t\t\t\t\t\t\t\t\t\t\t\t\t\t\t\t\t<span class=\"grve-hidden\">\r\n\t\t\t<span class=\"grve-structured-data entry-title\">Eesti meediaettev\u00f5tted s\u00f5lmisid kollektiivse esindamise organisatsiooni asutamislepingu<\/span>\r\n\t\t\t<span class=\"grve-structured-data\" itemprop=\"image\" itemscope itemtype=\"http:\/\/schema.org\/ImageObject\">\r\n\t\t\t   <span itemprop='url' >https:\/\/balticpresspublishers.eu\/wp-content\/themes\/movedo\/images\/empty\/thumbnail.jpg<\/span>\r\n\t\t\t   <span itemprop='height' >150<\/span>\r\n\t\t\t   <span itemprop='width' >150<\/span>\r\n\t\t\t<\/span>\r\n\t\t\t\t\t\t<span class=\"grve-structured-data vcard author\" itemprop=\"author\" itemscope itemtype=\"http:\/\/schema.org\/Person\">\r\n\t\t\t\t<span itemprop=\"name\" class=\"fn\">BPCMO<\/span>\r\n\t\t\t<\/span>\r\n\t\t\t<span class=\"grve-structured-data\" itemprop=\"publisher\" itemscope itemtype=\"http:\/\/schema.org\/Organization\">\r\n\t\t\t\t<span itemprop='name'>BPCMO<\/span>\r\n\t\t\t\t<span itemprop='logo' itemscope itemtype='http:\/\/schema.org\/ImageObject'>\r\n\t\t\t\t\t<span itemprop='url'>\/\/balticpresspublishers.eu\/wp-content\/uploads\/2024\/06\/BPCMO_Logo_ENG_Black.png<\/span>\r\n\t\t\t\t<\/span>\r\n\t\t\t<\/span>\r\n\t\t\t\t\t\t<time class=\"grve-structured-data date published\" itemprop=\"datePublished\" datetime=\"2024-06-21T09:28:27+03:00\">21\/06\/2024<\/time>\r\n\t\t\t<time class=\"grve-structured-data date updated\" itemprop=\"dateModified\"  datetime=\"2025-10-10T09:48:37+03:00\">10\/10\/2025<\/time>\r\n\t\t\t<span class=\"grve-structured-data\" itemprop=\"mainEntityOfPage\" itemscope itemtype=\"http:\/\/schema.org\/WebPage\" itemid=\"https:\/\/balticpresspublishers.eu\/et\/bpcmo-et\/eesti-meediaettevotted-solmisid-kollektiivse-esindamise-organisatsiooni-asutamislepingu\/\"><\/span>\r\n\t\t<\/span>\r\n\t\t\t\t\t\t\t\t\t\t\t\t\t\t\t\t\t\t\t\t<ul class=\"grve-post-meta\">\r\n\t\t\t\t\t\t\t\t\t\t<li class=\"grve-post-date\">\t<time class=\"\" datetime=\"2024-06-21T09:28:27+03:00\">\r\n\t\t21\/06\/2024\t<\/time>\r\n<\/li>\t\t\t\t\t\t\t\t\t\t<\/ul>\r\n\t\t\t\t\t\t\t\t\t\t\t\t\t\t\t\t\t\t\t\t\t\t\t\t\t\t\t<a href=\"https:\/\/balticpresspublishers.eu\/et\/bpcmo-et\/eesti-meediaettevotted-solmisid-kollektiivse-esindamise-organisatsiooni-asutamislepingu\/\" rel=\"bookmark\"><h2 class=\"grve-post-title grve-post-title-hover grve-h3\" itemprop=\"headline\">Eesti meediaettev\u00f5tted s\u00f5lmisid kollektiivse esindamise organisatsiooni asutamislepingu<\/h2><\/a>\t\t\t\t\t\t\t\t<\/div>\r\n\t\t\t\t\t\t\t\t<div itemprop=\"articleBody\"><p>[vc_row padding_top_multiplier=&#8221;&#8221;][vc_column][vc_column_text css=&#8221;&#8221;]Tallinn, 21. juuni 2024. Delfi Meedia AS, AS Postimees Grupp, AS \u00d5htuleht Kirjastus ja AS \u00c4rip\u00e4ev s\u00f5lmisid lepingu uudismeedia v\u00e4ljaandjate kollektiivse esindamise organisatsiooni Balti Uudismeedia V\u00e4ljaandjate \u00dching asutamiseks.&hellip;<\/p><a class=\"grve-read-more grve-link-text grve-heading-color grve-text-hover-primary-1\" href=\"https:\/\/balticpresspublishers.eu\/et\/bpcmo-et\/eesti-meediaettevotted-solmisid-kollektiivse-esindamise-organisatsiooni-asutamislepingu\/\"><span>loe edasi<\/span><\/a><\/div>\t\t\t\t\t\t\t<\/div>\r\n\t\t\t\t\t\t<\/div>\r\n\t\t\t\t\t\r\n\t\t\t\t<\/div>\t\t\t<\/article>\r\n\r\n\t\t\t<\/div>\r\n\t\t<\/div>\r\n[\/vc_column][\/vc_row]<\/p>\n<\/div>","protected":false},"excerpt":{"rendered":"<p>[vc_row padding_top_multiplier=&#8221;&#8221;][vc_column][\/vc_column][\/vc_row]<\/p>\n","protected":false},"author":2,"featured_media":0,"parent":0,"menu_order":0,"comment_status":"closed","ping_status":"closed","template":"","meta":{"footnotes":""},"class_list":["post-17412","page","type-page","status-publish","hentry"],"_links":{"self":[{"href":"https:\/\/balticpresspublishers.eu\/et\/wp-json\/wp\/v2\/pages\/17412","targetHints":{"allow":["GET"]}}],"collection":[{"href":"https:\/\/balticpresspublishers.eu\/et\/wp-json\/wp\/v2\/pages"}],"about":[{"href":"https:\/\/balticpresspublishers.eu\/et\/wp-json\/wp\/v2\/types\/page"}],"author":[{"embeddable":true,"href":"https:\/\/balticpresspublishers.eu\/et\/wp-json\/wp\/v2\/users\/2"}],"replies":[{"embeddable":true,"href":"https:\/\/balticpresspublishers.eu\/et\/wp-json\/wp\/v2\/comments?post=17412"}],"version-history":[{"count":1,"href":"https:\/\/balticpresspublishers.eu\/et\/wp-json\/wp\/v2\/pages\/17412\/revisions"}],"predecessor-version":[{"id":17413,"href":"https:\/\/balticpresspublishers.eu\/et\/wp-json\/wp\/v2\/pages\/17412\/revisions\/17413"}],"wp:attachment":[{"href":"https:\/\/balticpresspublishers.eu\/et\/wp-json\/wp\/v2\/media?parent=17412"}],"curies":[{"name":"wp","href":"https:\/\/api.w.org\/{rel}","templated":true}]}}